{"id":11690,"date":"2019-09-01T06:50:44","date_gmt":"2019-09-01T06:50:44","guid":{"rendered":"https:\/\/www.javierbalvin.com\/diseno-grafico-zaragoza\/?post_type=ux-portfolio&#038;p=11690"},"modified":"2023-02-19T11:55:53","modified_gmt":"2023-02-19T11:55:53","slug":"cubo-diseno-zaragoza","status":"publish","type":"ux-portfolio","link":"https:\/\/www.javierbalvin.com\/diseno-grafico-zaragoza\/ux-portfolio\/cubo-diseno-zaragoza\/","title":{"rendered":"Cubo Dise\u00f1o Zaragoza"},"content":{"rendered":"<div class=\"bm-builder clearfix \"><div id=\"\" class=\"module col-12 module-id-1567320693478 bm-wrap row-top row-left bm-wrap-height-auto\" data-module-col=\"12\" data-change-color=\"off\" data-backcolor=\"transparent\" data-frontcolor=\"\" data-logocolor=\"\" data-goto-top=\"off\" data-goto-top-spacing=\"0\" data-goto-disable-m=\"\" data-groupsameheight=\"\"><div class=\"module-inside group-inside\" style=\"--top-mod: 80px;--bottom-mod: 0px;--top-mod-t: 80px;--bottom-mod-t: 0px;--top-mod-m:40px;--bottom-mod-m:0px;\" ><div id=\"\" class=\"module col-5 module-id-1567320693581 module-animation\" data-module-col=\"5\"><div class=\"module-inside text-inside\" style=\"--top-mod: 0px;--bottom-mod: 0px;--top-mod-t: 0px;--bottom-mod-t: 0px;--top-mod-m:0px;--bottom-mod-m:0px;\" ><div class=\"text_block_out\" data-animation=\"from-left\" data-effect=\"standard\" style=\"\"><div class=\"text_block ux-mod-nobg\"><div class=\"text_block_inn\"><div id=\"text-1567320693581\" class=\"text_block_centered \"  style=\"\"><h1><span style=\"font-size: 46px;\" data-msize=\"32\">Cubo Dise\u00f1o Zaragoza<br><\/span><\/h1>\n<\/div><\/div><\/div><\/div><\/div><\/div><div id=\"\" class=\"module col-6 module-id-1567320693642 module-animation col-offset-1\" data-module-col=\"6\"><div class=\"module-inside text-inside\" style=\"--top-mod: 0px;--bottom-mod: 40px;--top-mod-t: 0px;--bottom-mod-t: 40px;--top-mod-m:20px;--bottom-mod-m:20px;\" ><div class=\"text_block_out\" data-animation=\"from-right\" data-effect=\"standard\" style=\"\"><div class=\"text_block ux-mod-nobg\"><div class=\"text_block_inn\"><div id=\"text-1567320693642\" class=\"text_block_centered \"  style=\"\"><p><span style=\"font-size: 26px;\">Branding, Dise\u00f1o, Packaging, Comunicaci\u00f3n, Publicidad, Creatividad, Social Media y muchas m\u00e1s disciplinas. Cubo es un estudio que ofrece a las empresas e instituciones un servicio integral de branding, dise\u00f1o y comunicaci\u00f3n publicitaria.<\/span><\/p>\n<\/div><\/div><\/div><\/div><\/div><\/div><div id=\"\" class=\"module col-6 module-id-1567320693695 module-animation col-offset-6\" data-module-col=\"6\"><div class=\"module-inside text-inside\" style=\"--top-mod: 0px;--bottom-mod: 0px;--top-mod-t: 0px;--bottom-mod-t: 0px;--top-mod-m:25px;--bottom-mod-m:0px;\" ><div class=\"text_block_out\" data-animation=\"from-right\" data-effect=\"standard\" style=\"\"><div class=\"text_block ux-mod-nobg\"><div class=\"text_block_inn\"><div id=\"text-1567320693695\" class=\"text_block_centered \"  style=\"\"><h4><font color=\"#0000ff\">Dise\u00f1ador &amp; Creativo<br><\/font><\/h4>\n<div><span style=\"font-size: 16px;\">Sep 2014 \u2013 Nov 2015<br><\/span><\/div>\n<\/div><\/div><\/div><\/div><\/div><\/div><\/div><\/div><div id=\"\" class=\"module col-12 module-id-1567320693752 bm-wrap row-top row-left bm-wrap-height-auto\" data-module-col=\"12\" data-change-color=\"off\" data-backcolor=\"transparent\" data-frontcolor=\"\" data-logocolor=\"\" data-goto-top=\"off\" data-goto-top-spacing=\"0\" data-goto-disable-m=\"\" data-groupsameheight=\"off\"><div class=\"module-inside group-inside\" style=\"--top-mod: 80px;--bottom-mod: 80px;--top-mod-t: 80px;--bottom-mod-t: 80px;--top-mod-m:40px;--bottom-mod-m:60px;\" ><div id=\"\" class=\"module col-12 module-id-1598469825602 module-animation\" data-module-col=\"12\"><div class=\"module-inside single-image-inside\" style=\"--top-mod: 0px;--bottom-mod: 30px;--top-mod-t: 0px;--bottom-mod-t: 30px;--top-mod-m:60px;--bottom-mod-m:20px;\" ><div class=\"single-image-out  \" data-animation=\"from-bottom\" ><figure class=\"single-image lightbox-photoswipe  single-image-full   \" no><div data-lightbox=\"true\"><a style=\"padding-top: 60%;\" class=\"lightbox-item ux-hover-wrap anima-wrap\" href=\"https:\/\/www.javierbalvin.com\/wp-content\/uploads\/2019\/09\/bosch-ejemplo-scaled.jpg\" data-size=\"2560x1536\" data-title=\"\" title=\"\"><img loading=\"lazy\" decoding=\"async\" alt=\"bosch-ejemplo\" class=\"single-image-img img1st lazy \" src=\"data:image\/gif;base64,R0lGODlhAQABAIAAAAAAAP\/\/\/yH5BAEAAAAALAAAAAABAAEAAAIBRAA7\" data-src=\"https:\/\/www.javierbalvin.com\/wp-content\/uploads\/2019\/09\/bosch-ejemplo-scaled.jpg\" data-srcset=\"https:\/\/www.javierbalvin.com\/wp-content\/uploads\/2019\/09\/bosch-ejemplo-scaled.jpg 2560w, https:\/\/www.javierbalvin.com\/wp-content\/uploads\/2019\/09\/bosch-ejemplo-300x180.jpg 300w, https:\/\/www.javierbalvin.com\/wp-content\/uploads\/2019\/09\/bosch-ejemplo-1024x614.jpg 1024w, https:\/\/www.javierbalvin.com\/wp-content\/uploads\/2019\/09\/bosch-ejemplo-768x461.jpg 768w, https:\/\/www.javierbalvin.com\/wp-content\/uploads\/2019\/09\/bosch-ejemplo-1536x922.jpg 1536w, https:\/\/www.javierbalvin.com\/wp-content\/uploads\/2019\/09\/bosch-ejemplo-2048x1229.jpg 2048w, https:\/\/www.javierbalvin.com\/wp-content\/uploads\/2019\/09\/bosch-ejemplo-350x210.jpg 350w, https:\/\/www.javierbalvin.com\/wp-content\/uploads\/2019\/09\/bosch-ejemplo-650x390.jpg 650w, https:\/\/www.javierbalvin.com\/wp-content\/uploads\/2019\/09\/bosch-ejemplo-1000x600.jpg 1000w, https:\/\/www.javierbalvin.com\/wp-content\/uploads\/2019\/09\/bosch-ejemplo-2000x1200.jpg 2000w\" data-sizes=\"(max-width: 480px) 320px,(max-width: 767px) 500px,(max-width: 2560px) 100vw, 2560px\" width=\"2560\" height=\"1536\" \/><\/a><\/div><\/figure><\/div><\/div><\/div><div id=\"\" class=\"module col-6 module-id-1567320693920 module-animation\" data-module-col=\"6\"><div class=\"module-inside single-image-inside\" style=\"--top-mod: 0px;--bottom-mod: 0px;--top-mod-t: 0px;--bottom-mod-t: 0px;--top-mod-m:0px;--bottom-mod-m:0px;\" ><div class=\"single-image-out  \" data-animation=\"from-bottom\" ><figure class=\"single-image lightbox-photoswipe  single-image-full   \" no><div data-lightbox=\"true\"><a style=\"padding-top: 75.449101796407%;\" class=\"lightbox-item ux-hover-wrap anima-wrap\" href=\"https:\/\/www.javierbalvin.com\/wp-content\/uploads\/2015\/03\/cubo11.png\" data-size=\"835x630\" data-title=\"\" title=\"\"><img loading=\"lazy\" decoding=\"async\" alt=\"cubo1\" class=\"single-image-img img1st lazy \" src=\"data:image\/gif;base64,R0lGODlhAQABAIAAAAAAAP\/\/\/yH5BAEAAAAALAAAAAABAAEAAAIBRAA7\" data-src=\"https:\/\/www.javierbalvin.com\/wp-content\/uploads\/2015\/03\/cubo11.png\" data-srcset=\"https:\/\/www.javierbalvin.com\/wp-content\/uploads\/2015\/03\/cubo11.png 835w, https:\/\/www.javierbalvin.com\/wp-content\/uploads\/2015\/03\/cubo11-300x226.png 300w, https:\/\/www.javierbalvin.com\/wp-content\/uploads\/2015\/03\/cubo11-588x444.png 588w, https:\/\/www.javierbalvin.com\/wp-content\/uploads\/2015\/03\/cubo11-505x381.png 505w\" data-sizes=\"(max-width: 480px) 320px,(max-width: 767px) 500px,(max-width: 835px) 100vw, 835px\" width=\"835\" height=\"630\" \/><\/a><\/div><\/figure><\/div><\/div><\/div><div id=\"\" class=\"module col-6 module-id-15673206945 module-animation\" data-module-col=\"6\"><div class=\"module-inside single-image-inside\" style=\"--top-mod: 0px;--bottom-mod: 30px;--top-mod-t: 0px;--bottom-mod-t: 30px;--top-mod-m:20px;--bottom-mod-m:40px;\" ><div class=\"single-image-out  \" data-animation=\"from-bottom\" ><figure class=\"single-image lightbox-photoswipe  single-image-full   \" no><div data-lightbox=\"true\"><a style=\"padding-top: 75.287356321839%;\" class=\"lightbox-item ux-hover-wrap anima-wrap\" href=\"https:\/\/www.javierbalvin.com\/wp-content\/uploads\/2015\/03\/cubo21.png\" data-size=\"1044x786\" data-title=\"\" title=\"\"><img loading=\"lazy\" decoding=\"async\" alt=\"cubo2\" class=\"single-image-img img1st lazy \" src=\"data:image\/gif;base64,R0lGODlhAQABAIAAAAAAAP\/\/\/yH5BAEAAAAALAAAAAABAAEAAAIBRAA7\" data-src=\"https:\/\/www.javierbalvin.com\/wp-content\/uploads\/2015\/03\/cubo21.png\" data-srcset=\"https:\/\/www.javierbalvin.com\/wp-content\/uploads\/2015\/03\/cubo21.png 1044w, https:\/\/www.javierbalvin.com\/wp-content\/uploads\/2015\/03\/cubo21-300x226.png 300w, https:\/\/www.javierbalvin.com\/wp-content\/uploads\/2015\/03\/cubo21-1024x771.png 1024w, https:\/\/www.javierbalvin.com\/wp-content\/uploads\/2015\/03\/cubo21-840x632.png 840w, https:\/\/www.javierbalvin.com\/wp-content\/uploads\/2015\/03\/cubo21-588x443.png 588w, https:\/\/www.javierbalvin.com\/wp-content\/uploads\/2015\/03\/cubo21-505x380.png 505w\" data-sizes=\"(max-width: 480px) 320px,(max-width: 767px) 500px,(max-width: 1044px) 100vw, 1044px\" width=\"1044\" height=\"786\" \/><\/a><\/div><\/figure><\/div><\/div><\/div><div id=\"\" class=\"module col-12 module-id-156732069489 module-animation\" data-module-col=\"12\"><div class=\"module-inside single-image-inside\" style=\"--top-mod: 0px;--bottom-mod: 30px;--top-mod-t: 0px;--bottom-mod-t: 30px;--top-mod-m:0px;--bottom-mod-m:20px;\" ><div class=\"single-image-out  \" data-animation=\"from-bottom\" ><figure class=\"single-image lightbox-photoswipe  single-image-full   \" no><div data-lightbox=\"true\"><a style=\"padding-top: 66.666666666667%;\" class=\"lightbox-item ux-hover-wrap anima-wrap\" href=\"https:\/\/www.javierbalvin.com\/wp-content\/uploads\/2015\/03\/montecarlo_ejemplo.jpg\" data-size=\"1536x1024\" data-title=\"\" title=\"\"><img loading=\"lazy\" decoding=\"async\" alt=\"Branding\" class=\"single-image-img img1st lazy \" src=\"data:image\/gif;base64,R0lGODlhAQABAIAAAAAAAP\/\/\/yH5BAEAAAAALAAAAAABAAEAAAIBRAA7\" data-src=\"https:\/\/www.javierbalvin.com\/wp-content\/uploads\/2015\/03\/montecarlo_ejemplo.jpg\" data-srcset=\"https:\/\/www.javierbalvin.com\/wp-content\/uploads\/2015\/03\/montecarlo_ejemplo.jpg 1536w, https:\/\/www.javierbalvin.com\/wp-content\/uploads\/2015\/03\/montecarlo_ejemplo-300x200.jpg 300w, https:\/\/www.javierbalvin.com\/wp-content\/uploads\/2015\/03\/montecarlo_ejemplo-768x512.jpg 768w, https:\/\/www.javierbalvin.com\/wp-content\/uploads\/2015\/03\/montecarlo_ejemplo-1024x683.jpg 1024w, https:\/\/www.javierbalvin.com\/wp-content\/uploads\/2015\/03\/montecarlo_ejemplo-1612x1075.jpg 1612w, https:\/\/www.javierbalvin.com\/wp-content\/uploads\/2015\/03\/montecarlo_ejemplo-1116x744.jpg 1116w, https:\/\/www.javierbalvin.com\/wp-content\/uploads\/2015\/03\/montecarlo_ejemplo-806x537.jpg 806w, https:\/\/www.javierbalvin.com\/wp-content\/uploads\/2015\/03\/montecarlo_ejemplo-558x372.jpg 558w, https:\/\/www.javierbalvin.com\/wp-content\/uploads\/2015\/03\/montecarlo_ejemplo-655x437.jpg 655w, https:\/\/www.javierbalvin.com\/wp-content\/uploads\/2015\/03\/montecarlo_ejemplo-seatheme-standard-thumb-650x433.jpg 650w, https:\/\/www.javierbalvin.com\/wp-content\/uploads\/2015\/03\/montecarlo_ejemplo-seatheme-standard-thumb-medium-1000x667.jpg 1000w\" data-sizes=\"(max-width: 480px) 320px,(max-width: 767px) 500px,(max-width: 1536px) 100vw, 1536px\" width=\"1536\" height=\"1024\" \/><\/a><\/div><\/figure><\/div><\/div><\/div><div id=\"\" class=\"module col-12 module-id-1573927861803 module-animation\" data-module-col=\"12\"><div class=\"module-inside single-image-inside\" style=\"--top-mod: 0px;--bottom-mod: 30px;--top-mod-t: 0px;--bottom-mod-t: 30px;--top-mod-m:0px;--bottom-mod-m:20px;\" ><div class=\"single-image-out  \" data-animation=\"from-bottom\" ><figure class=\"single-image lightbox-photoswipe  single-image-full   \" no><div data-lightbox=\"true\"><a style=\"padding-top: 65.078125%;\" class=\"lightbox-item ux-hover-wrap anima-wrap\" href=\"https:\/\/www.javierbalvin.com\/wp-content\/uploads\/2019\/09\/disen\u0303o-de-folletos-bosch-freelance-scaled.jpg\" data-size=\"2560x1666\" data-title=\"\" title=\"\"><img loading=\"lazy\" decoding=\"async\" alt=\"disen\u0303o-de-folletos-bosch-freelance\" class=\"single-image-img img1st lazy \" src=\"data:image\/gif;base64,R0lGODlhAQABAIAAAAAAAP\/\/\/yH5BAEAAAAALAAAAAABAAEAAAIBRAA7\" data-src=\"https:\/\/www.javierbalvin.com\/wp-content\/uploads\/2019\/09\/disen\u0303o-de-folletos-bosch-freelance-scaled.jpg\" data-srcset=\"https:\/\/www.javierbalvin.com\/wp-content\/uploads\/2019\/09\/disen\u0303o-de-folletos-bosch-freelance-scaled.jpg 2560w, https:\/\/www.javierbalvin.com\/wp-content\/uploads\/2019\/09\/disen\u0303o-de-folletos-bosch-freelance-300x195.jpg 300w, https:\/\/www.javierbalvin.com\/wp-content\/uploads\/2019\/09\/disen\u0303o-de-folletos-bosch-freelance-1024x667.jpg 1024w, https:\/\/www.javierbalvin.com\/wp-content\/uploads\/2019\/09\/disen\u0303o-de-folletos-bosch-freelance-768x500.jpg 768w, https:\/\/www.javierbalvin.com\/wp-content\/uploads\/2019\/09\/disen\u0303o-de-folletos-bosch-freelance-1536x1000.jpg 1536w, https:\/\/www.javierbalvin.com\/wp-content\/uploads\/2019\/09\/disen\u0303o-de-folletos-bosch-freelance-2048x1333.jpg 2048w, https:\/\/www.javierbalvin.com\/wp-content\/uploads\/2019\/09\/disen\u0303o-de-folletos-bosch-freelance-350x228.jpg 350w, https:\/\/www.javierbalvin.com\/wp-content\/uploads\/2019\/09\/disen\u0303o-de-folletos-bosch-freelance-650x423.jpg 650w, https:\/\/www.javierbalvin.com\/wp-content\/uploads\/2019\/09\/disen\u0303o-de-folletos-bosch-freelance-1000x651.jpg 1000w, https:\/\/www.javierbalvin.com\/wp-content\/uploads\/2019\/09\/disen\u0303o-de-folletos-bosch-freelance-2000x1302.jpg 2000w\" data-sizes=\"(max-width: 480px) 320px,(max-width: 767px) 500px,(max-width: 2560px) 100vw, 2560px\" width=\"2560\" height=\"1666\" \/><\/a><\/div><\/figure><\/div><\/div><\/div><\/div><\/div><div id=\"\" class=\"module col-12 module-id-1567529864291 bm-wrap row-top row-left bm-wrap-height-auto\" data-module-col=\"12\" data-change-color=\"off\" data-backcolor=\"transparent\" data-frontcolor=\"\" data-logocolor=\"\" data-goto-top=\"off\" data-goto-top-spacing=\"0\" data-goto-disable-m=\"\" data-groupsameheight=\"\"><div class=\"module-inside group-inside\" style=\"--top-mod: 0px;--bottom-mod: 80px;--top-mod-t: 0px;--bottom-mod-t: 80px;--top-mod-m:0px;--bottom-mod-m:60px;\" ><div id=\"\" class=\"module col-10 module-id-1567529864373 col-offset-1\" data-module-col=\"10\"><div class=\"module-inside grid-inside\" style=\"--top-mod: 60px;--bottom-mod: 0px;--top-mod-t: 60px;--bottom-mod-t: 0px;--top-mod-m:0px;--bottom-mod-m:0px;\" ><div class=\"container-masonry ux-portfolio-5col ux-portfolio-2col-mobile ux-portfolio-full  ux-ratio-43  \" data-ratio=\"0.75\" data-col=\"5\" data-found=\"14\" data-number=\"999\" data-mod=\"grid\"><div class=\"masonry-list grid-list clearfix grid-list-1567529864373 grid-list-tit-shown     mouseover-no-effect    \"  data-unique=\"1567529864373\" data-source=\"ux-portfolio\" data-spaceh=\"30\" data-spacev=\"50\" data-spaceh-m=\"10\" data-spacev-m=\"30\" data-col=\"5\" data-col-m=\"2\"><section class=\"grid-item sea-grid-item filter_branding filter_design-thinking filter_diseno-grafico filter_diseno-web-ux filter_modelado-3d filter_publicidad  \" data-postid=\"11630\" data-tit=\"Impacta Branding Zaragoza\"><div class=\"grid-item-inside  \" ><div class=\"brick-content ux-lazyload-wrap  \" style=\" padding-top: 66.571428571429%;\" ><a href=\"https:\/\/www.javierbalvin.com\/diseno-grafico-zaragoza\/ux-portfolio\/impacta-branding-zaragoza-proyecto\/\"   class=\"grid-item-mask-link\"><\/a><img decoding=\"async\" class=\"grid-item-img ux-background-img-1st lazy\" src=\"data:image\/gif;base64,R0lGODlhAQABAIAAAAAAAP\/\/\/yH5BAEAAAAALAAAAAABAAEAAAIBRAA7\" data-src=\"https:\/\/www.javierbalvin.com\/wp-content\/uploads\/2019\/08\/san-ignacio-ollas-previo-350x233.jpg\" data-srcset=\"https:\/\/www.javierbalvin.com\/wp-content\/uploads\/2019\/08\/san-ignacio-ollas-previo-350x233.jpg 350w, https:\/\/www.javierbalvin.com\/wp-content\/uploads\/2019\/08\/san-ignacio-ollas-previo-300x200.jpg 300w, https:\/\/www.javierbalvin.com\/wp-content\/uploads\/2019\/08\/san-ignacio-ollas-previo-768x512.jpg 768w, https:\/\/www.javierbalvin.com\/wp-content\/uploads\/2019\/08\/san-ignacio-ollas-previo-1024x683.jpg 1024w, https:\/\/www.javierbalvin.com\/wp-content\/uploads\/2019\/08\/san-ignacio-ollas-previo-seatheme-standard-thumb-650x433.jpg 650w, https:\/\/www.javierbalvin.com\/wp-content\/uploads\/2019\/08\/san-ignacio-ollas-previo-seatheme-standard-thumb-medium-1000x667.jpg 1000w, https:\/\/www.javierbalvin.com\/wp-content\/uploads\/2019\/08\/san-ignacio-ollas-previo.jpg 1536w\" data-sizes=\"(max-width: 480px) 100px,(max-width: 767px) 200px,(max-width: 480px) 320px,(max-width: 767px) 500px,(max-width: 350px) 100vw, 350px\" alt=\"Impacta Branding Zaragoza\"><\/div><div class=\"grid-item-con-text-tit-shown grid-text-left standard-text-padding\"><h2 class=\"grid-item-tit\"><a href=\"https:\/\/www.javierbalvin.com\/diseno-grafico-zaragoza\/ux-portfolio\/impacta-branding-zaragoza-proyecto\/\" title=\"Impacta Branding Zaragoza\" class=\"grid-item-tit-a\" rel=\" \">Impacta Branding Zaragoza<\/a><\/h2><\/div><\/div><\/section><section class=\"grid-item sea-grid-item filter_branding filter_diseno-grafico filter_diseno-web-ux filter_publicidad  \" data-postid=\"11690\" data-tit=\"Cubo Dise\u00f1o Zaragoza\"><div class=\"grid-item-inside  \" ><div class=\"brick-content ux-lazyload-wrap  \" style=\" padding-top: 100%;\" ><a href=\"https:\/\/www.javierbalvin.com\/diseno-grafico-zaragoza\/ux-portfolio\/cubo-diseno-zaragoza\/\"   class=\"grid-item-mask-link\"><\/a><img decoding=\"async\" class=\"grid-item-img ux-background-img-1st lazy\" src=\"data:image\/gif;base64,R0lGODlhAQABAIAAAAAAAP\/\/\/yH5BAEAAAAALAAAAAABAAEAAAIBRAA7\" data-src=\"https:\/\/www.javierbalvin.com\/wp-content\/uploads\/2019\/09\/portada-bosch-350x350.jpg\" data-srcset=\"https:\/\/www.javierbalvin.com\/wp-content\/uploads\/2019\/09\/portada-bosch-350x350.jpg 350w, https:\/\/www.javierbalvin.com\/wp-content\/uploads\/2019\/09\/portada-bosch-300x300.jpg 300w, https:\/\/www.javierbalvin.com\/wp-content\/uploads\/2019\/09\/portada-bosch-1024x1024.jpg 1024w, https:\/\/www.javierbalvin.com\/wp-content\/uploads\/2019\/09\/portada-bosch-150x150.jpg 150w, https:\/\/www.javierbalvin.com\/wp-content\/uploads\/2019\/09\/portada-bosch-768x768.jpg 768w, https:\/\/www.javierbalvin.com\/wp-content\/uploads\/2019\/09\/portada-bosch-1536x1536.jpg 1536w, https:\/\/www.javierbalvin.com\/wp-content\/uploads\/2019\/09\/portada-bosch-2048x2048.jpg 2048w, https:\/\/www.javierbalvin.com\/wp-content\/uploads\/2019\/09\/portada-bosch-scaled-seatheme-thumb-11-normal-650x650.jpg 650w, https:\/\/www.javierbalvin.com\/wp-content\/uploads\/2019\/09\/portada-bosch-scaled-seatheme-standard-thumb-medium-1000x1000.jpg 1000w, https:\/\/www.javierbalvin.com\/wp-content\/uploads\/2019\/09\/portada-bosch-scaled-seatheme-standard-thumb-big-2000x2000.jpg 2000w\" data-sizes=\"(max-width: 480px) 100px,(max-width: 767px) 200px,(max-width: 480px) 320px,(max-width: 767px) 500px,(max-width: 350px) 100vw, 350px\" alt=\"Cubo Dise\u00f1o Zaragoza\"><\/div><div class=\"grid-item-con-text-tit-shown grid-text-left standard-text-padding\"><h2 class=\"grid-item-tit\"><a href=\"https:\/\/www.javierbalvin.com\/diseno-grafico-zaragoza\/ux-portfolio\/cubo-diseno-zaragoza\/\" title=\"Cubo Dise\u00f1o Zaragoza\" class=\"grid-item-tit-a\" rel=\" \">Cubo Dise\u00f1o Zaragoza<\/a><\/h2><\/div><\/div><\/section><section class=\"grid-item sea-grid-item filter_branding filter_diseno-grafico filter_diseno-web-ux  \" data-postid=\"11712\" data-tit=\"Academia de las Artes Esc\u00e9nicas de Espa\u00f1a\"><div class=\"grid-item-inside  \" ><div class=\"brick-content ux-lazyload-wrap  \" style=\" padding-top: 180%;\" ><a href=\"https:\/\/www.javierbalvin.com\/diseno-grafico-zaragoza\/ux-portfolio\/artes-escenicas-espana\/\"   class=\"grid-item-mask-link\"><\/a><img decoding=\"async\" class=\"grid-item-img ux-background-img-1st lazy\" src=\"data:image\/gif;base64,R0lGODlhAQABAIAAAAAAAP\/\/\/yH5BAEAAAAALAAAAAABAAEAAAIBRAA7\" data-src=\"https:\/\/www.javierbalvin.com\/wp-content\/uploads\/2015\/03\/imagendestacadaartes.jpg\" data-srcset=\"https:\/\/www.javierbalvin.com\/wp-content\/uploads\/2015\/03\/imagendestacadaartes.jpg 569w, https:\/\/www.javierbalvin.com\/wp-content\/uploads\/2015\/03\/imagendestacadaartes-167x300.jpg 167w, https:\/\/www.javierbalvin.com\/wp-content\/uploads\/2015\/03\/imagendestacadaartes-588x1058.jpg 588w, https:\/\/www.javierbalvin.com\/wp-content\/uploads\/2015\/03\/imagendestacadaartes-505x909.jpg 505w, https:\/\/www.javierbalvin.com\/wp-content\/uploads\/2015\/03\/imagendestacadaartes-seatheme-standard-thumb-650x1170.jpg 650w, https:\/\/www.javierbalvin.com\/wp-content\/uploads\/2015\/03\/imagendestacadaartes-seatheme-standard-thumb-big-713x1283.jpg 713w\" data-sizes=\"(max-width: 480px) 100px,(max-width: 767px) 200px,(max-width: 480px) 320px,(max-width: 767px) 500px,(max-width: 350px) 100vw, 350px\" alt=\"Academia de las Artes Esc\u00e9nicas de Espa\u00f1a\"><\/div><div class=\"grid-item-con-text-tit-shown grid-text-left standard-text-padding\"><h2 class=\"grid-item-tit\"><a href=\"https:\/\/www.javierbalvin.com\/diseno-grafico-zaragoza\/ux-portfolio\/artes-escenicas-espana\/\" title=\"Academia de las Artes Esc\u00e9nicas de Espa\u00f1a\" class=\"grid-item-tit-a\" rel=\" \">Academia de las Artes Esc\u00e9nicas de Espa\u00f1a<\/a><\/h2><\/div><\/div><\/section><section class=\"grid-item sea-grid-item filter_branding filter_diseno-grafico filter_diseno-web-ux filter_publicidad  \" data-postid=\"11727\" data-tit=\"Addsum comunicacion\"><div class=\"grid-item-inside  \" ><div class=\"brick-content ux-lazyload-wrap  \" style=\" padding-top: 99.714285714286%;\" ><a href=\"https:\/\/www.javierbalvin.com\/diseno-grafico-zaragoza\/ux-portfolio\/comunicacion-estrategica-addsum\/\"   class=\"grid-item-mask-link\"><\/a><img decoding=\"async\" class=\"grid-item-img ux-background-img-1st lazy\" src=\"data:image\/gif;base64,R0lGODlhAQABAIAAAAAAAP\/\/\/yH5BAEAAAAALAAAAAABAAEAAAIBRAA7\" data-src=\"https:\/\/www.javierbalvin.com\/wp-content\/uploads\/2019\/09\/redlegalia-abagados-350x349.jpg\" data-srcset=\"https:\/\/www.javierbalvin.com\/wp-content\/uploads\/2019\/09\/redlegalia-abagados-350x349.jpg 350w, https:\/\/www.javierbalvin.com\/wp-content\/uploads\/2019\/09\/redlegalia-abagados-150x150.jpg 150w, https:\/\/www.javierbalvin.com\/wp-content\/uploads\/2019\/09\/redlegalia-abagados-300x300.jpg 300w, https:\/\/www.javierbalvin.com\/wp-content\/uploads\/2019\/09\/redlegalia-abagados-768x766.jpg 768w, https:\/\/www.javierbalvin.com\/wp-content\/uploads\/2019\/09\/redlegalia-abagados-1024x1021.jpg 1024w, https:\/\/www.javierbalvin.com\/wp-content\/uploads\/2019\/09\/redlegalia-abagados-seatheme-thumb-11-normal-650x650.jpg 650w, https:\/\/www.javierbalvin.com\/wp-content\/uploads\/2019\/09\/redlegalia-abagados-seatheme-standard-thumb-medium-1000x997.jpg 1000w, https:\/\/www.javierbalvin.com\/wp-content\/uploads\/2019\/09\/redlegalia-abagados.jpg 1262w\" data-sizes=\"(max-width: 480px) 100px,(max-width: 767px) 200px,(max-width: 480px) 320px,(max-width: 767px) 500px,(max-width: 350px) 100vw, 350px\" alt=\"Addsum comunicacion\"><\/div><div class=\"grid-item-con-text-tit-shown grid-text-left standard-text-padding\"><h2 class=\"grid-item-tit\"><a href=\"https:\/\/www.javierbalvin.com\/diseno-grafico-zaragoza\/ux-portfolio\/comunicacion-estrategica-addsum\/\" title=\"Addsum comunicacion\" class=\"grid-item-tit-a\" rel=\" \">Addsum comunicacion<\/a><\/h2><\/div><\/div><\/section><section class=\"grid-item sea-grid-item filter_branding filter_design-thinking filter_diseno-grafico filter_diseno-web-ux  \" data-postid=\"11742\" data-tit=\"Creaguetes talleres\"><div class=\"grid-item-inside  \" ><div class=\"brick-content ux-lazyload-wrap  \" style=\" padding-top: 66.857142857143%;\" ><a href=\"https:\/\/www.javierbalvin.com\/diseno-grafico-zaragoza\/ux-portfolio\/talleres-de-reciclado-de-juguetes\/\"   class=\"grid-item-mask-link\"><\/a><img decoding=\"async\" class=\"grid-item-img ux-background-img-1st lazy\" src=\"data:image\/gif;base64,R0lGODlhAQABAIAAAAAAAP\/\/\/yH5BAEAAAAALAAAAAABAAEAAAIBRAA7\" data-src=\"https:\/\/www.javierbalvin.com\/wp-content\/uploads\/2015\/03\/10360687_1434808326780571_8545498941262538131_n.jpg\" data-srcset=\"https:\/\/www.javierbalvin.com\/wp-content\/uploads\/2015\/03\/10360687_1434808326780571_8545498941262538131_n.jpg 960w, https:\/\/www.javierbalvin.com\/wp-content\/uploads\/2015\/03\/10360687_1434808326780571_8545498941262538131_n-300x201.jpg 300w, https:\/\/www.javierbalvin.com\/wp-content\/uploads\/2015\/03\/10360687_1434808326780571_8545498941262538131_n-840x562.jpg 840w, https:\/\/www.javierbalvin.com\/wp-content\/uploads\/2015\/03\/10360687_1434808326780571_8545498941262538131_n-588x393.jpg 588w, https:\/\/www.javierbalvin.com\/wp-content\/uploads\/2015\/03\/10360687_1434808326780571_8545498941262538131_n-505x338.jpg 505w, https:\/\/www.javierbalvin.com\/wp-content\/uploads\/2015\/03\/10360687_1434808326780571_8545498941262538131_n-seatheme-standard-thumb-650x435.jpg 650w\" data-sizes=\"(max-width: 480px) 100px,(max-width: 767px) 200px,(max-width: 480px) 320px,(max-width: 767px) 500px,(max-width: 350px) 100vw, 350px\" alt=\"Creaguetes talleres\"><\/div><div class=\"grid-item-con-text-tit-shown grid-text-left standard-text-padding\"><h2 class=\"grid-item-tit\"><a href=\"https:\/\/www.javierbalvin.com\/diseno-grafico-zaragoza\/ux-portfolio\/talleres-de-reciclado-de-juguetes\/\" title=\"Creaguetes talleres\" class=\"grid-item-tit-a\" rel=\" \">Creaguetes talleres<\/a><\/h2><\/div><\/div><\/section><section class=\"grid-item sea-grid-item filter_branding filter_diseno-grafico filter_diseno-web-ux  \" data-postid=\"11776\" data-tit=\"Aplicaci\u00f3n Universidad de Zaragoza\"><div class=\"grid-item-inside  \" ><div class=\"brick-content ux-lazyload-wrap  \" style=\" padding-top: 75.142857142857%;\" ><a href=\"https:\/\/www.javierbalvin.com\/diseno-grafico-zaragoza\/ux-portfolio\/ux-universidad-de-zaragoza\/\"   class=\"grid-item-mask-link\"><\/a><img decoding=\"async\" class=\"grid-item-img ux-background-img-1st lazy\" src=\"data:image\/gif;base64,R0lGODlhAQABAIAAAAAAAP\/\/\/yH5BAEAAAAALAAAAAABAAEAAAIBRAA7\" data-src=\"https:\/\/www.javierbalvin.com\/wp-content\/uploads\/2015\/11\/bann1.jpg\" data-srcset=\"https:\/\/www.javierbalvin.com\/wp-content\/uploads\/2015\/11\/bann1.jpg 1365w, https:\/\/www.javierbalvin.com\/wp-content\/uploads\/2015\/11\/bann1-300x225.jpg 300w, https:\/\/www.javierbalvin.com\/wp-content\/uploads\/2015\/11\/bann1-1024x768.jpg 1024w, https:\/\/www.javierbalvin.com\/wp-content\/uploads\/2015\/11\/bann1-1240x930.jpg 1240w, https:\/\/www.javierbalvin.com\/wp-content\/uploads\/2015\/11\/bann1-868x651.jpg 868w, https:\/\/www.javierbalvin.com\/wp-content\/uploads\/2015\/11\/bann1-620x465.jpg 620w, https:\/\/www.javierbalvin.com\/wp-content\/uploads\/2015\/11\/bann1-434x326.jpg 434w, https:\/\/www.javierbalvin.com\/wp-content\/uploads\/2015\/11\/bann1-505x379.jpg 505w, https:\/\/www.javierbalvin.com\/wp-content\/uploads\/2015\/11\/bann1-seatheme-standard-thumb-650x488.jpg 650w, https:\/\/www.javierbalvin.com\/wp-content\/uploads\/2015\/11\/bann1-seatheme-thumb-43-medium-1000x750.jpg 1000w\" data-sizes=\"(max-width: 480px) 100px,(max-width: 767px) 200px,(max-width: 480px) 320px,(max-width: 767px) 500px,(max-width: 350px) 100vw, 350px\" alt=\"Aplicaci\u00f3n Universidad de Zaragoza\"><\/div><div class=\"grid-item-con-text-tit-shown grid-text-left standard-text-padding\"><h2 class=\"grid-item-tit\"><a href=\"https:\/\/www.javierbalvin.com\/diseno-grafico-zaragoza\/ux-portfolio\/ux-universidad-de-zaragoza\/\" title=\"Aplicaci\u00f3n Universidad de Zaragoza\" class=\"grid-item-tit-a\" rel=\" \">Aplicaci\u00f3n Universidad de Zaragoza<\/a><\/h2><\/div><\/div><\/section><section class=\"grid-item sea-grid-item filter_branding filter_design-thinking filter_diseno-grafico filter_diseno-web-ux  \" data-postid=\"11787\" data-tit=\"Comunidad Design Thinking\"><div class=\"grid-item-inside  \" ><div class=\"brick-content ux-lazyload-wrap  \" style=\" padding-top: 60.571428571429%;\" ><a href=\"https:\/\/www.javierbalvin.com\/diseno-grafico-zaragoza\/ux-portfolio\/web-sobre-design-thinking\/\"   class=\"grid-item-mask-link\"><\/a><img decoding=\"async\" class=\"grid-item-img ux-background-img-1st lazy\" src=\"data:image\/gif;base64,R0lGODlhAQABAIAAAAAAAP\/\/\/yH5BAEAAAAALAAAAAABAAEAAAIBRAA7\" data-src=\"https:\/\/www.javierbalvin.com\/wp-content\/uploads\/2017\/06\/BLOG-DESIGN-THINKING-DISENO-SERVICE-DESIGN.jpg\" data-srcset=\"https:\/\/www.javierbalvin.com\/wp-content\/uploads\/2017\/06\/BLOG-DESIGN-THINKING-DISENO-SERVICE-DESIGN.jpg 1612w, https:\/\/www.javierbalvin.com\/wp-content\/uploads\/2017\/06\/BLOG-DESIGN-THINKING-DISENO-SERVICE-DESIGN-300x182.jpg 300w, https:\/\/www.javierbalvin.com\/wp-content\/uploads\/2017\/06\/BLOG-DESIGN-THINKING-DISENO-SERVICE-DESIGN-768x465.jpg 768w, https:\/\/www.javierbalvin.com\/wp-content\/uploads\/2017\/06\/BLOG-DESIGN-THINKING-DISENO-SERVICE-DESIGN-1024x620.jpg 1024w, https:\/\/www.javierbalvin.com\/wp-content\/uploads\/2017\/06\/BLOG-DESIGN-THINKING-DISENO-SERVICE-DESIGN-1116x675.jpg 1116w, https:\/\/www.javierbalvin.com\/wp-content\/uploads\/2017\/06\/BLOG-DESIGN-THINKING-DISENO-SERVICE-DESIGN-806x488.jpg 806w, https:\/\/www.javierbalvin.com\/wp-content\/uploads\/2017\/06\/BLOG-DESIGN-THINKING-DISENO-SERVICE-DESIGN-558x338.jpg 558w, https:\/\/www.javierbalvin.com\/wp-content\/uploads\/2017\/06\/BLOG-DESIGN-THINKING-DISENO-SERVICE-DESIGN-655x396.jpg 655w, https:\/\/www.javierbalvin.com\/wp-content\/uploads\/2017\/06\/BLOG-DESIGN-THINKING-DISENO-SERVICE-DESIGN-seatheme-standard-thumb-650x394.jpg 650w, https:\/\/www.javierbalvin.com\/wp-content\/uploads\/2017\/06\/BLOG-DESIGN-THINKING-DISENO-SERVICE-DESIGN-seatheme-standard-thumb-medium-1000x605.jpg 1000w\" data-sizes=\"(max-width: 480px) 100px,(max-width: 767px) 200px,(max-width: 480px) 320px,(max-width: 767px) 500px,(max-width: 350px) 100vw, 350px\" alt=\"BLOG-DESIGN-THINKING-DISENO-SERVICE-DESIGN\"><\/div><div class=\"grid-item-con-text-tit-shown grid-text-left standard-text-padding\"><h2 class=\"grid-item-tit\"><a href=\"https:\/\/www.javierbalvin.com\/diseno-grafico-zaragoza\/ux-portfolio\/web-sobre-design-thinking\/\" title=\"Comunidad Design Thinking\" class=\"grid-item-tit-a\" rel=\" \">Comunidad Design Thinking<\/a><\/h2><\/div><\/div><\/section><section class=\"grid-item sea-grid-item filter_branding filter_diseno-grafico filter_diseno-web-ux  \" data-postid=\"11804\" data-tit=\"Cota Interiorismo tienda online\"><div class=\"grid-item-inside  \" ><div class=\"brick-content ux-lazyload-wrap  \" style=\" padding-top: 63.714285714286%;\" ><a href=\"https:\/\/www.javierbalvin.com\/diseno-grafico-zaragoza\/ux-portfolio\/tienda-online-web-cota\/\"   class=\"grid-item-mask-link\"><\/a><img decoding=\"async\" class=\"grid-item-img ux-background-img-1st lazy\" src=\"data:image\/gif;base64,R0lGODlhAQABAIAAAAAAAP\/\/\/yH5BAEAAAAALAAAAAABAAEAAAIBRAA7\" data-src=\"https:\/\/www.javierbalvin.com\/wp-content\/uploads\/2016\/10\/Tarjetas-de-visita-zaragoza-cota-interiorismo.jpg\" data-srcset=\"https:\/\/www.javierbalvin.com\/wp-content\/uploads\/2016\/10\/Tarjetas-de-visita-zaragoza-cota-interiorismo.jpg 1606w, https:\/\/www.javierbalvin.com\/wp-content\/uploads\/2016\/10\/Tarjetas-de-visita-zaragoza-cota-interiorismo-300x191.jpg 300w, https:\/\/www.javierbalvin.com\/wp-content\/uploads\/2016\/10\/Tarjetas-de-visita-zaragoza-cota-interiorismo-768x490.jpg 768w, https:\/\/www.javierbalvin.com\/wp-content\/uploads\/2016\/10\/Tarjetas-de-visita-zaragoza-cota-interiorismo-1024x653.jpg 1024w, https:\/\/www.javierbalvin.com\/wp-content\/uploads\/2016\/10\/Tarjetas-de-visita-zaragoza-cota-interiorismo-1612x1028.jpg 1612w, https:\/\/www.javierbalvin.com\/wp-content\/uploads\/2016\/10\/Tarjetas-de-visita-zaragoza-cota-interiorismo-1116x712.jpg 1116w, https:\/\/www.javierbalvin.com\/wp-content\/uploads\/2016\/10\/Tarjetas-de-visita-zaragoza-cota-interiorismo-806x514.jpg 806w, https:\/\/www.javierbalvin.com\/wp-content\/uploads\/2016\/10\/Tarjetas-de-visita-zaragoza-cota-interiorismo-558x356.jpg 558w, https:\/\/www.javierbalvin.com\/wp-content\/uploads\/2016\/10\/Tarjetas-de-visita-zaragoza-cota-interiorismo-655x418.jpg 655w, https:\/\/www.javierbalvin.com\/wp-content\/uploads\/2016\/10\/Tarjetas-de-visita-zaragoza-cota-interiorismo-seatheme-standard-thumb-650x414.jpg 650w, https:\/\/www.javierbalvin.com\/wp-content\/uploads\/2016\/10\/Tarjetas-de-visita-zaragoza-cota-interiorismo-seatheme-standard-thumb-medium-1000x638.jpg 1000w\" data-sizes=\"(max-width: 480px) 100px,(max-width: 767px) 200px,(max-width: 480px) 320px,(max-width: 767px) 500px,(max-width: 350px) 100vw, 350px\" alt=\"Cota Interiorismo tienda online\"><\/div><div class=\"grid-item-con-text-tit-shown grid-text-left standard-text-padding\"><h2 class=\"grid-item-tit\"><a href=\"https:\/\/www.javierbalvin.com\/diseno-grafico-zaragoza\/ux-portfolio\/tienda-online-web-cota\/\" title=\"Cota Interiorismo tienda online\" class=\"grid-item-tit-a\" rel=\" \">Cota Interiorismo tienda online<\/a><\/h2><\/div><\/div><\/section><section class=\"grid-item sea-grid-item filter_branding filter_diseno-grafico filter_diseno-web-ux filter_modelado-3d  \" data-postid=\"11821\" data-tit=\"Infograf\u00edas 3D Edificio Crisol\"><div class=\"grid-item-inside  \" ><div class=\"brick-content ux-lazyload-wrap  \" style=\" padding-top: 71.142857142857%;\" ><a href=\"https:\/\/www.javierbalvin.com\/diseno-grafico-zaragoza\/ux-portfolio\/infografias-3d-edificio-crisol\/\"   class=\"grid-item-mask-link\"><\/a><img decoding=\"async\" class=\"grid-item-img ux-background-img-1st lazy\" src=\"data:image\/gif;base64,R0lGODlhAQABAIAAAAAAAP\/\/\/yH5BAEAAAAALAAAAAABAAEAAAIBRAA7\" data-src=\"https:\/\/www.javierbalvin.com\/wp-content\/uploads\/2016\/08\/infografias-zaragoza-edificio-crisol.png\" data-srcset=\"https:\/\/www.javierbalvin.com\/wp-content\/uploads\/2016\/08\/infografias-zaragoza-edificio-crisol.png 1440w, https:\/\/www.javierbalvin.com\/wp-content\/uploads\/2016\/08\/infografias-zaragoza-edificio-crisol-300x213.png 300w, https:\/\/www.javierbalvin.com\/wp-content\/uploads\/2016\/08\/infografias-zaragoza-edificio-crisol-768x546.png 768w, https:\/\/www.javierbalvin.com\/wp-content\/uploads\/2016\/08\/infografias-zaragoza-edificio-crisol-1024x728.png 1024w, https:\/\/www.javierbalvin.com\/wp-content\/uploads\/2016\/08\/infografias-zaragoza-edificio-crisol-1612x1146.png 1612w, https:\/\/www.javierbalvin.com\/wp-content\/uploads\/2016\/08\/infografias-zaragoza-edificio-crisol-1116x794.png 1116w, https:\/\/www.javierbalvin.com\/wp-content\/uploads\/2016\/08\/infografias-zaragoza-edificio-crisol-806x573.png 806w, https:\/\/www.javierbalvin.com\/wp-content\/uploads\/2016\/08\/infografias-zaragoza-edificio-crisol-558x397.png 558w, https:\/\/www.javierbalvin.com\/wp-content\/uploads\/2016\/08\/infografias-zaragoza-edificio-crisol-655x466.png 655w, https:\/\/www.javierbalvin.com\/wp-content\/uploads\/2016\/08\/infografias-zaragoza-edificio-crisol-seatheme-standard-thumb-650x462.png 650w, https:\/\/www.javierbalvin.com\/wp-content\/uploads\/2016\/08\/infografias-zaragoza-edificio-crisol-seatheme-standard-thumb-medium-1000x711.png 1000w\" data-sizes=\"(max-width: 480px) 100px,(max-width: 767px) 200px,(max-width: 480px) 320px,(max-width: 767px) 500px,(max-width: 350px) 100vw, 350px\" alt=\"infografias-zaragoza-edificio-crisol\"><\/div><div class=\"grid-item-con-text-tit-shown grid-text-left standard-text-padding\"><h2 class=\"grid-item-tit\"><a href=\"https:\/\/www.javierbalvin.com\/diseno-grafico-zaragoza\/ux-portfolio\/infografias-3d-edificio-crisol\/\" title=\"Infograf\u00edas 3D Edificio Crisol\" class=\"grid-item-tit-a\" rel=\" \">Infograf\u00edas 3D Edificio Crisol<\/a><\/h2><\/div><\/div><\/section><section class=\"grid-item sea-grid-item filter_branding filter_diseno-grafico filter_diseno-web-ux  \" data-postid=\"11837\" data-tit=\"Nearvox\"><div class=\"grid-item-inside  \" ><div class=\"brick-content ux-lazyload-wrap  \" style=\" padding-top: 66.571428571429%;\" ><a href=\"https:\/\/www.javierbalvin.com\/diseno-grafico-zaragoza\/ux-portfolio\/nearvox-branding-marca\/\"   class=\"grid-item-mask-link\"><\/a><img decoding=\"async\" class=\"grid-item-img ux-background-img-1st lazy\" src=\"data:image\/gif;base64,R0lGODlhAQABAIAAAAAAAP\/\/\/yH5BAEAAAAALAAAAAABAAEAAAIBRAA7\" data-src=\"https:\/\/www.javierbalvin.com\/wp-content\/uploads\/2015\/09\/nearvoxx-ejemplo1.jpg\" data-srcset=\"https:\/\/www.javierbalvin.com\/wp-content\/uploads\/2015\/09\/nearvoxx-ejemplo1.jpg 1536w, https:\/\/www.javierbalvin.com\/wp-content\/uploads\/2015\/09\/nearvoxx-ejemplo1-300x200.jpg 300w, https:\/\/www.javierbalvin.com\/wp-content\/uploads\/2015\/09\/nearvoxx-ejemplo1-768x512.jpg 768w, https:\/\/www.javierbalvin.com\/wp-content\/uploads\/2015\/09\/nearvoxx-ejemplo1-1024x683.jpg 1024w, https:\/\/www.javierbalvin.com\/wp-content\/uploads\/2015\/09\/nearvoxx-ejemplo1-1612x1075.jpg 1612w, https:\/\/www.javierbalvin.com\/wp-content\/uploads\/2015\/09\/nearvoxx-ejemplo1-1116x744.jpg 1116w, https:\/\/www.javierbalvin.com\/wp-content\/uploads\/2015\/09\/nearvoxx-ejemplo1-806x537.jpg 806w, https:\/\/www.javierbalvin.com\/wp-content\/uploads\/2015\/09\/nearvoxx-ejemplo1-558x372.jpg 558w, https:\/\/www.javierbalvin.com\/wp-content\/uploads\/2015\/09\/nearvoxx-ejemplo1-655x437.jpg 655w, https:\/\/www.javierbalvin.com\/wp-content\/uploads\/2015\/09\/nearvoxx-ejemplo1-seatheme-standard-thumb-650x433.jpg 650w, https:\/\/www.javierbalvin.com\/wp-content\/uploads\/2015\/09\/nearvoxx-ejemplo1-seatheme-standard-thumb-medium-1000x667.jpg 1000w\" data-sizes=\"(max-width: 480px) 100px,(max-width: 767px) 200px,(max-width: 480px) 320px,(max-width: 767px) 500px,(max-width: 350px) 100vw, 350px\" alt=\"Nearvox\"><\/div><div class=\"grid-item-con-text-tit-shown grid-text-left standard-text-padding\"><h2 class=\"grid-item-tit\"><a href=\"https:\/\/www.javierbalvin.com\/diseno-grafico-zaragoza\/ux-portfolio\/nearvox-branding-marca\/\" title=\"Nearvox\" class=\"grid-item-tit-a\" rel=\" \">Nearvox<\/a><\/h2><\/div><\/div><\/section><section class=\"grid-item sea-grid-item filter_branding filter_diseno-grafico filter_diseno-web-ux filter_modelado-3d  \" data-postid=\"11853\" data-tit=\"3D Parada Tranv\u00eda de Zaragoza\"><div class=\"grid-item-inside  \" ><div class=\"brick-content ux-lazyload-wrap  \" style=\" padding-top: 58%;\" ><a href=\"https:\/\/www.javierbalvin.com\/diseno-grafico-zaragoza\/ux-portfolio\/3d-parada-tranvia-de-zaragoza\/\"   class=\"grid-item-mask-link\"><\/a><img decoding=\"async\" class=\"grid-item-img ux-background-img-1st lazy\" src=\"data:image\/gif;base64,R0lGODlhAQABAIAAAAAAAP\/\/\/yH5BAEAAAAALAAAAAABAAEAAAIBRAA7\" data-src=\"https:\/\/www.javierbalvin.com\/wp-content\/uploads\/2015\/10\/rendertranvia.jpg\" data-srcset=\"https:\/\/www.javierbalvin.com\/wp-content\/uploads\/2015\/10\/rendertranvia.jpg 1539w, https:\/\/www.javierbalvin.com\/wp-content\/uploads\/2015\/10\/rendertranvia-300x174.jpg 300w, https:\/\/www.javierbalvin.com\/wp-content\/uploads\/2015\/10\/rendertranvia-1024x595.jpg 1024w, https:\/\/www.javierbalvin.com\/wp-content\/uploads\/2015\/10\/rendertranvia-1240x720.jpg 1240w, https:\/\/www.javierbalvin.com\/wp-content\/uploads\/2015\/10\/rendertranvia-868x504.jpg 868w, https:\/\/www.javierbalvin.com\/wp-content\/uploads\/2015\/10\/rendertranvia-620x360.jpg 620w, https:\/\/www.javierbalvin.com\/wp-content\/uploads\/2015\/10\/rendertranvia-434x252.jpg 434w, https:\/\/www.javierbalvin.com\/wp-content\/uploads\/2015\/10\/rendertranvia-505x293.jpg 505w, https:\/\/www.javierbalvin.com\/wp-content\/uploads\/2015\/10\/rendertranvia-seatheme-standard-thumb-650x378.jpg 650w, https:\/\/www.javierbalvin.com\/wp-content\/uploads\/2015\/10\/rendertranvia-seatheme-standard-thumb-medium-1000x581.jpg 1000w\" data-sizes=\"(max-width: 480px) 100px,(max-width: 767px) 200px,(max-width: 480px) 320px,(max-width: 767px) 500px,(max-width: 350px) 100vw, 350px\" alt=\"3D Parada Tranv\u00eda de Zaragoza\"><\/div><div class=\"grid-item-con-text-tit-shown grid-text-left standard-text-padding\"><h2 class=\"grid-item-tit\"><a href=\"https:\/\/www.javierbalvin.com\/diseno-grafico-zaragoza\/ux-portfolio\/3d-parada-tranvia-de-zaragoza\/\" title=\"3D Parada Tranv\u00eda de Zaragoza\" class=\"grid-item-tit-a\" rel=\" \">3D Parada Tranv\u00eda de Zaragoza<\/a><\/h2><\/div><\/div><\/section><section class=\"grid-item sea-grid-item filter_branding filter_design-thinking filter_diseno-grafico filter_diseno-web-ux  \" data-postid=\"12093\" data-tit=\"Estudio Alejandra &#038; Ram\u00f3n\"><div class=\"grid-item-inside  \" ><div class=\"brick-content ux-lazyload-wrap  \" style=\" padding-top: 66.857142857143%;\" ><a href=\"https:\/\/www.javierbalvin.com\/diseno-grafico-zaragoza\/ux-portfolio\/estudio-alejandra-y-ramon\/\"   class=\"grid-item-mask-link\"><\/a><img decoding=\"async\" class=\"grid-item-img ux-background-img-1st lazy\" src=\"data:image\/gif;base64,R0lGODlhAQABAIAAAAAAAP\/\/\/yH5BAEAAAAALAAAAAABAAEAAAIBRAA7\" data-src=\"https:\/\/www.javierbalvin.com\/wp-content\/uploads\/2015\/03\/993600_680269895320487_814467758_n.jpg\" data-srcset=\"https:\/\/www.javierbalvin.com\/wp-content\/uploads\/2015\/03\/993600_680269895320487_814467758_n.jpg 735w, https:\/\/www.javierbalvin.com\/wp-content\/uploads\/2015\/03\/993600_680269895320487_814467758_n-300x200.jpg 300w, https:\/\/www.javierbalvin.com\/wp-content\/uploads\/2015\/03\/993600_680269895320487_814467758_n-588x393.jpg 588w, https:\/\/www.javierbalvin.com\/wp-content\/uploads\/2015\/03\/993600_680269895320487_814467758_n-505x337.jpg 505w, https:\/\/www.javierbalvin.com\/wp-content\/uploads\/2015\/03\/993600_680269895320487_814467758_n-seatheme-standard-thumb-650x434.jpg 650w\" data-sizes=\"(max-width: 480px) 100px,(max-width: 767px) 200px,(max-width: 480px) 320px,(max-width: 767px) 500px,(max-width: 350px) 100vw, 350px\" alt=\"Estudio Alejandra &#038; Ram\u00f3n\"><\/div><div class=\"grid-item-con-text-tit-shown grid-text-left standard-text-padding\"><h2 class=\"grid-item-tit\"><a href=\"https:\/\/www.javierbalvin.com\/diseno-grafico-zaragoza\/ux-portfolio\/estudio-alejandra-y-ramon\/\" title=\"Estudio Alejandra &#038; Ram\u00f3n\" class=\"grid-item-tit-a\" rel=\" \">Estudio Alejandra &#038; Ram\u00f3n<\/a><\/h2><\/div><\/div><\/section><section class=\"grid-item sea-grid-item filter_diseno-grafico filter_diseno-web-ux  \" data-postid=\"12786\" data-tit=\"Redise\u00f1o web de renfe\"><div class=\"grid-item-inside  \" ><div class=\"brick-content ux-lazyload-wrap  \" style=\" padding-top: 100.57142857143%;\" ><a href=\"https:\/\/www.javierbalvin.com\/diseno-grafico-zaragoza\/ux-portfolio\/nueva-web-de-renfe-rediseno\/\"   class=\"grid-item-mask-link\"><\/a><img decoding=\"async\" class=\"grid-item-img ux-background-img-1st lazy\" src=\"data:image\/gif;base64,R0lGODlhAQABAIAAAAAAAP\/\/\/yH5BAEAAAAALAAAAAABAAEAAAIBRAA7\" data-src=\"https:\/\/www.javierbalvin.com\/wp-content\/uploads\/2019\/09\/rediseno-de-la-nueva-web-de-renfe-2020-350x352.png\" data-srcset=\"https:\/\/www.javierbalvin.com\/wp-content\/uploads\/2019\/09\/rediseno-de-la-nueva-web-de-renfe-2020-350x352.png 350w, https:\/\/www.javierbalvin.com\/wp-content\/uploads\/2019\/09\/rediseno-de-la-nueva-web-de-renfe-2020-150x150.png 150w, https:\/\/www.javierbalvin.com\/wp-content\/uploads\/2019\/09\/rediseno-de-la-nueva-web-de-renfe-2020-298x300.png 298w, https:\/\/www.javierbalvin.com\/wp-content\/uploads\/2019\/09\/rediseno-de-la-nueva-web-de-renfe-2020-768x773.png 768w, https:\/\/www.javierbalvin.com\/wp-content\/uploads\/2019\/09\/rediseno-de-la-nueva-web-de-renfe-2020-1017x1024.png 1017w, https:\/\/www.javierbalvin.com\/wp-content\/uploads\/2019\/09\/rediseno-de-la-nueva-web-de-renfe-2020-seatheme-standard-thumb-650x655.png 650w, https:\/\/www.javierbalvin.com\/wp-content\/uploads\/2019\/09\/rediseno-de-la-nueva-web-de-renfe-2020-seatheme-standard-thumb-medium-1000x1007.png 1000w, https:\/\/www.javierbalvin.com\/wp-content\/uploads\/2019\/09\/rediseno-de-la-nueva-web-de-renfe-2020.png 1150w\" data-sizes=\"(max-width: 480px) 100px,(max-width: 767px) 200px,(max-width: 480px) 320px,(max-width: 767px) 500px,(max-width: 350px) 100vw, 350px\" alt=\"Redise\u00f1o web de renfe\"><\/div><div class=\"grid-item-con-text-tit-shown grid-text-left standard-text-padding\"><h2 class=\"grid-item-tit\"><a href=\"https:\/\/www.javierbalvin.com\/diseno-grafico-zaragoza\/ux-portfolio\/nueva-web-de-renfe-rediseno\/\" title=\"Redise\u00f1o web de renfe\" class=\"grid-item-tit-a\" rel=\" \">Redise\u00f1o web de renfe<\/a><\/h2><\/div><\/div><\/section><section class=\"grid-item sea-grid-item filter_branding filter_diseno-grafico  \" data-postid=\"15394\" data-tit=\"Identidad Francos &#038; Costa\"><div class=\"grid-item-inside  \" ><div class=\"brick-content ux-lazyload-wrap  \" style=\" padding-top: 66.571428571429%;\" ><a href=\"https:\/\/www.javierbalvin.com\/diseno-grafico-zaragoza\/ux-portfolio\/identidad-francos-costa\/\"   class=\"grid-item-mask-link\"><\/a><img decoding=\"async\" class=\"grid-item-img ux-background-img-1st lazy\" src=\"data:image\/gif;base64,R0lGODlhAQABAIAAAAAAAP\/\/\/yH5BAEAAAAALAAAAAABAAEAAAIBRAA7\" data-src=\"https:\/\/www.javierbalvin.com\/wp-content\/uploads\/2020\/10\/francos-and-costa-ok-350x233.jpg\" data-srcset=\"https:\/\/www.javierbalvin.com\/wp-content\/uploads\/2020\/10\/francos-and-costa-ok-350x233.jpg 350w, https:\/\/www.javierbalvin.com\/wp-content\/uploads\/2020\/10\/francos-and-costa-ok-300x200.jpg 300w, https:\/\/www.javierbalvin.com\/wp-content\/uploads\/2020\/10\/francos-and-costa-ok-1024x683.jpg 1024w, https:\/\/www.javierbalvin.com\/wp-content\/uploads\/2020\/10\/francos-and-costa-ok-768x512.jpg 768w, https:\/\/www.javierbalvin.com\/wp-content\/uploads\/2020\/10\/francos-and-costa-ok-1536x1024.jpg 1536w, https:\/\/www.javierbalvin.com\/wp-content\/uploads\/2020\/10\/francos-and-costa-ok-2048x1365.jpg 2048w, https:\/\/www.javierbalvin.com\/wp-content\/uploads\/2020\/10\/francos-and-costa-ok-scaled-seatheme-standard-thumb-650x433.jpg 650w, https:\/\/www.javierbalvin.com\/wp-content\/uploads\/2020\/10\/francos-and-costa-ok-scaled-seatheme-standard-thumb-medium-1000x667.jpg 1000w, https:\/\/www.javierbalvin.com\/wp-content\/uploads\/2020\/10\/francos-and-costa-ok-scaled-seatheme-standard-thumb-big-2000x1334.jpg 2000w\" data-sizes=\"(max-width: 480px) 100px,(max-width: 767px) 200px,(max-width: 480px) 320px,(max-width: 767px) 500px,(max-width: 350px) 100vw, 350px\" alt=\"Identidad Francos &#038; Costa\"><\/div><div class=\"grid-item-con-text-tit-shown grid-text-left standard-text-padding\"><h2 class=\"grid-item-tit\"><a href=\"https:\/\/www.javierbalvin.com\/diseno-grafico-zaragoza\/ux-portfolio\/identidad-francos-costa\/\" title=\"Identidad Francos &#038; Costa\" class=\"grid-item-tit-a\" rel=\" \">Identidad Francos &#038; Costa<\/a><\/h2><\/div><\/div><\/section><\/div><\/div><\/div><\/div><\/div><\/div><\/div>","protected":false},"excerpt":{"rendered":"<p>Cubo Dise\u00f1o Zaragoza Branding, Dise\u00f1o, Packaging, Comunicaci\u00f3n, Publicidad, Creatividad, Social &hellip;<\/p>\n","protected":false},"author":1,"featured_media":14265,"comment_status":"closed","ping_status":"closed","template":"","meta":{"_monsterinsights_skip_tracking":false,"_monsterinsights_sitenote_active":false,"_monsterinsights_sitenote_note":"","_monsterinsights_sitenote_category":0},"ux-portfolio-cat":[528,541,540,543],"ux-portfolio-tag":[],"class_list":["post-11690","ux-portfolio","type-ux-portfolio","status-publish","has-post-thumbnail","hentry","ux-portfolio-cat-branding","ux-portfolio-cat-diseno-grafico","ux-portfolio-cat-diseno-web-ux","ux-portfolio-cat-publicidad"],"yoast_head":"<!-- This site is optimized with the Yoast SEO plugin v27.5 - https:\/\/yoast.com\/product\/yoast-seo-wordpress\/ -->\n<title>Cubo Dise\u00f1o Zaragoza &#187; Javier Balv\u00edn\u00ae \u2014 Dise\u00f1ador freelance<\/title>\n<meta name=\"robots\" content=\"index, follow, max-snippet:-1, max-image-preview:large, max-video-preview:-1\" \/>\n<link rel=\"canonical\" href=\"https:\/\/www.javierbalvin.com\/diseno-grafico-zaragoza\/ux-portfolio\/cubo-diseno-zaragoza\/\" \/>\n<meta property=\"og:locale\" content=\"es_ES\" \/>\n<meta property=\"og:type\" content=\"article\" \/>\n<meta property=\"og:title\" content=\"Cubo Dise\u00f1o Zaragoza &#187; Javier Balv\u00edn\u00ae \u2014 Dise\u00f1ador freelance\" \/>\n<meta property=\"og:description\" content=\"Cubo Dise\u00f1o Zaragoza Branding, Dise\u00f1o, Packaging, Comunicaci\u00f3n, Publicidad, Creatividad, Social &hellip;\" \/>\n<meta property=\"og:url\" content=\"https:\/\/www.javierbalvin.com\/diseno-grafico-zaragoza\/ux-portfolio\/cubo-diseno-zaragoza\/\" \/>\n<meta property=\"og:site_name\" content=\"Javier Balv\u00edn\u00ae \u2014 Dise\u00f1ador freelance\" \/>\n<meta property=\"article:publisher\" content=\"https:\/\/www.facebook.com\/javier.balvinlau\" \/>\n<meta property=\"article:modified_time\" content=\"2023-02-19T11:55:53+00:00\" \/>\n<meta property=\"og:image\" content=\"https:\/\/www.javierbalvin.com\/wp-content\/uploads\/2019\/09\/portada-bosch-scaled.jpg\" \/>\n\t<meta property=\"og:image:width\" content=\"2560\" \/>\n\t<meta property=\"og:image:height\" content=\"2560\" \/>\n\t<meta property=\"og:image:type\" content=\"image\/jpeg\" \/>\n<meta name=\"twitter:card\" content=\"summary_large_image\" \/>\n<meta name=\"twitter:site\" content=\"@JavierBalvinLau\" \/>\n<script type=\"application\/ld+json\" class=\"yoast-schema-graph\">{\"@context\":\"https:\\\/\\\/schema.org\",\"@graph\":[{\"@type\":\"WebPage\",\"@id\":\"https:\\\/\\\/www.javierbalvin.com\\\/diseno-grafico-zaragoza\\\/ux-portfolio\\\/cubo-diseno-zaragoza\\\/\",\"url\":\"https:\\\/\\\/www.javierbalvin.com\\\/diseno-grafico-zaragoza\\\/ux-portfolio\\\/cubo-diseno-zaragoza\\\/\",\"name\":\"Cubo Dise\u00f1o Zaragoza &#187; Javier Balv\u00edn\u00ae \u2014 Dise\u00f1ador freelance\",\"isPartOf\":{\"@id\":\"https:\\\/\\\/www.javierbalvin.com\\\/diseno-grafico-zaragoza\\\/#website\"},\"primaryImageOfPage\":{\"@id\":\"https:\\\/\\\/www.javierbalvin.com\\\/diseno-grafico-zaragoza\\\/ux-portfolio\\\/cubo-diseno-zaragoza\\\/#primaryimage\"},\"image\":{\"@id\":\"https:\\\/\\\/www.javierbalvin.com\\\/diseno-grafico-zaragoza\\\/ux-portfolio\\\/cubo-diseno-zaragoza\\\/#primaryimage\"},\"thumbnailUrl\":\"https:\\\/\\\/www.javierbalvin.com\\\/wp-content\\\/uploads\\\/2019\\\/09\\\/portada-bosch-scaled.jpg\",\"datePublished\":\"2019-09-01T06:50:44+00:00\",\"dateModified\":\"2023-02-19T11:55:53+00:00\",\"breadcrumb\":{\"@id\":\"https:\\\/\\\/www.javierbalvin.com\\\/diseno-grafico-zaragoza\\\/ux-portfolio\\\/cubo-diseno-zaragoza\\\/#breadcrumb\"},\"inLanguage\":\"es\",\"potentialAction\":[{\"@type\":\"ReadAction\",\"target\":[\"https:\\\/\\\/www.javierbalvin.com\\\/diseno-grafico-zaragoza\\\/ux-portfolio\\\/cubo-diseno-zaragoza\\\/\"]}]},{\"@type\":\"ImageObject\",\"inLanguage\":\"es\",\"@id\":\"https:\\\/\\\/www.javierbalvin.com\\\/diseno-grafico-zaragoza\\\/ux-portfolio\\\/cubo-diseno-zaragoza\\\/#primaryimage\",\"url\":\"https:\\\/\\\/www.javierbalvin.com\\\/wp-content\\\/uploads\\\/2019\\\/09\\\/portada-bosch-scaled.jpg\",\"contentUrl\":\"https:\\\/\\\/www.javierbalvin.com\\\/wp-content\\\/uploads\\\/2019\\\/09\\\/portada-bosch-scaled.jpg\",\"width\":2560,\"height\":2560},{\"@type\":\"BreadcrumbList\",\"@id\":\"https:\\\/\\\/www.javierbalvin.com\\\/diseno-grafico-zaragoza\\\/ux-portfolio\\\/cubo-diseno-zaragoza\\\/#breadcrumb\",\"itemListElement\":[{\"@type\":\"ListItem\",\"position\":1,\"name\":\"Portada\",\"item\":\"https:\\\/\\\/www.javierbalvin.com\\\/diseno-grafico-zaragoza\\\/\"},{\"@type\":\"ListItem\",\"position\":2,\"name\":\"Portfolio\",\"item\":\"https:\\\/\\\/www.javierbalvin.com\\\/diseno-grafico-zaragoza\\\/ux-portfolio\\\/\"},{\"@type\":\"ListItem\",\"position\":3,\"name\":\"Cubo Dise\u00f1o Zaragoza\"}]},{\"@type\":\"WebSite\",\"@id\":\"https:\\\/\\\/www.javierbalvin.com\\\/diseno-grafico-zaragoza\\\/#website\",\"url\":\"https:\\\/\\\/www.javierbalvin.com\\\/diseno-grafico-zaragoza\\\/\",\"name\":\"Javier Balv\u00edn\u00ae \u2014 Dise\u00f1ador freelance\",\"description\":\"Javier Balv\u00edn\u00ae \u2014 Dise\u00f1ador freelance\",\"publisher\":{\"@id\":\"https:\\\/\\\/www.javierbalvin.com\\\/diseno-grafico-zaragoza\\\/#\\\/schema\\\/person\\\/54276c99bf1efdffa860ac8356ea1c30\"},\"potentialAction\":[{\"@type\":\"SearchAction\",\"target\":{\"@type\":\"EntryPoint\",\"urlTemplate\":\"https:\\\/\\\/www.javierbalvin.com\\\/diseno-grafico-zaragoza\\\/?s={search_term_string}\"},\"query-input\":{\"@type\":\"PropertyValueSpecification\",\"valueRequired\":true,\"valueName\":\"search_term_string\"}}],\"inLanguage\":\"es\"},{\"@type\":[\"Person\",\"Organization\"],\"@id\":\"https:\\\/\\\/www.javierbalvin.com\\\/diseno-grafico-zaragoza\\\/#\\\/schema\\\/person\\\/54276c99bf1efdffa860ac8356ea1c30\",\"name\":\"Javier Balvin Lau\",\"image\":{\"@type\":\"ImageObject\",\"inLanguage\":\"es\",\"@id\":\"https:\\\/\\\/www.javierbalvin.com\\\/wp-content\\\/uploads\\\/2017\\\/02\\\/disenador-grafico-en-zaragoza-estudio-de-diseno-javier-balvin-lau-branding-wordpress-diseno3d-nuevo-logo.png\",\"url\":\"https:\\\/\\\/www.javierbalvin.com\\\/wp-content\\\/uploads\\\/2017\\\/02\\\/disenador-grafico-en-zaragoza-estudio-de-diseno-javier-balvin-lau-branding-wordpress-diseno3d-nuevo-logo.png\",\"contentUrl\":\"https:\\\/\\\/www.javierbalvin.com\\\/wp-content\\\/uploads\\\/2017\\\/02\\\/disenador-grafico-en-zaragoza-estudio-de-diseno-javier-balvin-lau-branding-wordpress-diseno3d-nuevo-logo.png\",\"width\":388,\"height\":85,\"caption\":\"Javier Balvin Lau\"},\"logo\":{\"@id\":\"https:\\\/\\\/www.javierbalvin.com\\\/wp-content\\\/uploads\\\/2017\\\/02\\\/disenador-grafico-en-zaragoza-estudio-de-diseno-javier-balvin-lau-branding-wordpress-diseno3d-nuevo-logo.png\"},\"sameAs\":[\"https:\\\/\\\/www.javierbalvin.com\",\"https:\\\/\\\/www.facebook.com\\\/javier.balvinlau\",\"https:\\\/\\\/x.com\\\/JavierBalvinLau\"]}]}<\/script>\n<!-- \/ Yoast SEO plugin. -->","yoast_head_json":{"title":"Cubo Dise\u00f1o Zaragoza &#187; Javier Balv\u00edn\u00ae \u2014 Dise\u00f1ador freelance","robots":{"index":"index","follow":"follow","max-snippet":"max-snippet:-1","max-image-preview":"max-image-preview:large","max-video-preview":"max-video-preview:-1"},"canonical":"https:\/\/www.javierbalvin.com\/diseno-grafico-zaragoza\/ux-portfolio\/cubo-diseno-zaragoza\/","og_locale":"es_ES","og_type":"article","og_title":"Cubo Dise\u00f1o Zaragoza &#187; Javier Balv\u00edn\u00ae \u2014 Dise\u00f1ador freelance","og_description":"Cubo Dise\u00f1o Zaragoza Branding, Dise\u00f1o, Packaging, Comunicaci\u00f3n, Publicidad, Creatividad, Social &hellip;","og_url":"https:\/\/www.javierbalvin.com\/diseno-grafico-zaragoza\/ux-portfolio\/cubo-diseno-zaragoza\/","og_site_name":"Javier Balv\u00edn\u00ae \u2014 Dise\u00f1ador freelance","article_publisher":"https:\/\/www.facebook.com\/javier.balvinlau","article_modified_time":"2023-02-19T11:55:53+00:00","og_image":[{"width":2560,"height":2560,"url":"https:\/\/www.javierbalvin.com\/wp-content\/uploads\/2019\/09\/portada-bosch-scaled.jpg","type":"image\/jpeg"}],"twitter_card":"summary_large_image","twitter_site":"@JavierBalvinLau","schema":{"@context":"https:\/\/schema.org","@graph":[{"@type":"WebPage","@id":"https:\/\/www.javierbalvin.com\/diseno-grafico-zaragoza\/ux-portfolio\/cubo-diseno-zaragoza\/","url":"https:\/\/www.javierbalvin.com\/diseno-grafico-zaragoza\/ux-portfolio\/cubo-diseno-zaragoza\/","name":"Cubo Dise\u00f1o Zaragoza &#187; Javier Balv\u00edn\u00ae \u2014 Dise\u00f1ador freelance","isPartOf":{"@id":"https:\/\/www.javierbalvin.com\/diseno-grafico-zaragoza\/#website"},"primaryImageOfPage":{"@id":"https:\/\/www.javierbalvin.com\/diseno-grafico-zaragoza\/ux-portfolio\/cubo-diseno-zaragoza\/#primaryimage"},"image":{"@id":"https:\/\/www.javierbalvin.com\/diseno-grafico-zaragoza\/ux-portfolio\/cubo-diseno-zaragoza\/#primaryimage"},"thumbnailUrl":"https:\/\/www.javierbalvin.com\/wp-content\/uploads\/2019\/09\/portada-bosch-scaled.jpg","datePublished":"2019-09-01T06:50:44+00:00","dateModified":"2023-02-19T11:55:53+00:00","breadcrumb":{"@id":"https:\/\/www.javierbalvin.com\/diseno-grafico-zaragoza\/ux-portfolio\/cubo-diseno-zaragoza\/#breadcrumb"},"inLanguage":"es","potentialAction":[{"@type":"ReadAction","target":["https:\/\/www.javierbalvin.com\/diseno-grafico-zaragoza\/ux-portfolio\/cubo-diseno-zaragoza\/"]}]},{"@type":"ImageObject","inLanguage":"es","@id":"https:\/\/www.javierbalvin.com\/diseno-grafico-zaragoza\/ux-portfolio\/cubo-diseno-zaragoza\/#primaryimage","url":"https:\/\/www.javierbalvin.com\/wp-content\/uploads\/2019\/09\/portada-bosch-scaled.jpg","contentUrl":"https:\/\/www.javierbalvin.com\/wp-content\/uploads\/2019\/09\/portada-bosch-scaled.jpg","width":2560,"height":2560},{"@type":"BreadcrumbList","@id":"https:\/\/www.javierbalvin.com\/diseno-grafico-zaragoza\/ux-portfolio\/cubo-diseno-zaragoza\/#breadcrumb","itemListElement":[{"@type":"ListItem","position":1,"name":"Portada","item":"https:\/\/www.javierbalvin.com\/diseno-grafico-zaragoza\/"},{"@type":"ListItem","position":2,"name":"Portfolio","item":"https:\/\/www.javierbalvin.com\/diseno-grafico-zaragoza\/ux-portfolio\/"},{"@type":"ListItem","position":3,"name":"Cubo Dise\u00f1o Zaragoza"}]},{"@type":"WebSite","@id":"https:\/\/www.javierbalvin.com\/diseno-grafico-zaragoza\/#website","url":"https:\/\/www.javierbalvin.com\/diseno-grafico-zaragoza\/","name":"Javier Balv\u00edn\u00ae \u2014 Dise\u00f1ador freelance","description":"Javier Balv\u00edn\u00ae \u2014 Dise\u00f1ador freelance","publisher":{"@id":"https:\/\/www.javierbalvin.com\/diseno-grafico-zaragoza\/#\/schema\/person\/54276c99bf1efdffa860ac8356ea1c30"},"potentialAction":[{"@type":"SearchAction","target":{"@type":"EntryPoint","urlTemplate":"https:\/\/www.javierbalvin.com\/diseno-grafico-zaragoza\/?s={search_term_string}"},"query-input":{"@type":"PropertyValueSpecification","valueRequired":true,"valueName":"search_term_string"}}],"inLanguage":"es"},{"@type":["Person","Organization"],"@id":"https:\/\/www.javierbalvin.com\/diseno-grafico-zaragoza\/#\/schema\/person\/54276c99bf1efdffa860ac8356ea1c30","name":"Javier Balvin Lau","image":{"@type":"ImageObject","inLanguage":"es","@id":"https:\/\/www.javierbalvin.com\/wp-content\/uploads\/2017\/02\/disenador-grafico-en-zaragoza-estudio-de-diseno-javier-balvin-lau-branding-wordpress-diseno3d-nuevo-logo.png","url":"https:\/\/www.javierbalvin.com\/wp-content\/uploads\/2017\/02\/disenador-grafico-en-zaragoza-estudio-de-diseno-javier-balvin-lau-branding-wordpress-diseno3d-nuevo-logo.png","contentUrl":"https:\/\/www.javierbalvin.com\/wp-content\/uploads\/2017\/02\/disenador-grafico-en-zaragoza-estudio-de-diseno-javier-balvin-lau-branding-wordpress-diseno3d-nuevo-logo.png","width":388,"height":85,"caption":"Javier Balvin Lau"},"logo":{"@id":"https:\/\/www.javierbalvin.com\/wp-content\/uploads\/2017\/02\/disenador-grafico-en-zaragoza-estudio-de-diseno-javier-balvin-lau-branding-wordpress-diseno3d-nuevo-logo.png"},"sameAs":["https:\/\/www.javierbalvin.com","https:\/\/www.facebook.com\/javier.balvinlau","https:\/\/x.com\/JavierBalvinLau"]}]}},"_links":{"self":[{"href":"https:\/\/www.javierbalvin.com\/diseno-grafico-zaragoza\/wp-json\/wp\/v2\/ux-portfolio\/11690","targetHints":{"allow":["GET"]}}],"collection":[{"href":"https:\/\/www.javierbalvin.com\/diseno-grafico-zaragoza\/wp-json\/wp\/v2\/ux-portfolio"}],"about":[{"href":"https:\/\/www.javierbalvin.com\/diseno-grafico-zaragoza\/wp-json\/wp\/v2\/types\/ux-portfolio"}],"author":[{"embeddable":true,"href":"https:\/\/www.javierbalvin.com\/diseno-grafico-zaragoza\/wp-json\/wp\/v2\/users\/1"}],"replies":[{"embeddable":true,"href":"https:\/\/www.javierbalvin.com\/diseno-grafico-zaragoza\/wp-json\/wp\/v2\/comments?post=11690"}],"wp:featuredmedia":[{"embeddable":true,"href":"https:\/\/www.javierbalvin.com\/diseno-grafico-zaragoza\/wp-json\/wp\/v2\/media\/14265"}],"wp:attachment":[{"href":"https:\/\/www.javierbalvin.com\/diseno-grafico-zaragoza\/wp-json\/wp\/v2\/media?parent=11690"}],"wp:term":[{"taxonomy":"ux-portfolio-cat","embeddable":true,"href":"https:\/\/www.javierbalvin.com\/diseno-grafico-zaragoza\/wp-json\/wp\/v2\/ux-portfolio-cat?post=11690"},{"taxonomy":"ux-portfolio-tag","embeddable":true,"href":"https:\/\/www.javierbalvin.com\/diseno-grafico-zaragoza\/wp-json\/wp\/v2\/ux-portfolio-tag?post=11690"}],"curies":[{"name":"wp","href":"https:\/\/api.w.org\/{rel}","templated":true}]}}